{"id":179,"date":"2022-09-15T11:16:50","date_gmt":"2022-09-15T14:16:50","guid":{"rendered":"https:\/\/arbelstore.net\/?post_type=product&#038;p=179"},"modified":"2025-11-01T04:00:57","modified_gmt":"2025-11-01T07:00:57","slug":"fatiador-de-frios-arbel-178-mc-4-0-bivolt","status":"publish","type":"product","link":"https:\/\/arbelstore.com.br\/home\/produto\/fatiador-de-frios-arbel-178-mc-4-0-bivolt\/","title":{"rendered":"Fatiador de Frios Arbel 178 MC &#8211; 4.0 Bivolt"},"content":{"rendered":"<p><strong>C\u00f3digo do Produto: PA000300005<\/strong><\/p>\n<p>Pot\u00eancia: 240\/340 W<br \/>\nRota\u00e7\u00e3o: 3.500 RPM<br \/>\nTens\u00e3o: 127\/220 V<br \/>\nFrequ\u00eancia: 60 Hz<br \/>\nProdu\u00e7\u00e3o estimada: 14 kg\/h<br \/>\nClasse de Isola\u00e7\u00e3o: I<br \/>\nGrau de Prote\u00e7\u00e3o: IPX1<br \/>\nPeso Bruto: 14 kg \/ Liquido 12,5 kg<\/p>\n<p>Redu\u00e7\u00e3o sem fim\/coroa de 1:30 (uma rota\u00e7\u00e3o do disco para 30 rota\u00e7\u00f5es do motor)<br \/>\nRota\u00e7\u00e3o do disco em vazio: 110 RPM<br \/>\nAltura m\u00e1xima de corte: 130 mm \/ 13 cm<br \/>\nEmbalagem : Altura 44 cm \/Largura 32 cm \/ Comprimento 42 cm<\/p>\n<p>C\u00f3digo de Barras Fatiador de Frios Arbel 178 MC &#8211; 4.0 Bivolt: 789.8284.810599<\/p>\n<p>NCM: 84385000<br \/>\nSubstitui\u00e7\u00e3o Tributaria: 0%<br \/>\nBase de c\u00e1lculo do ICMS para estados: MG\/PR\/RJ\/RS\/SC: 73,34% \u2013 Al\u00edquota de ICMS: 12%<br \/>\nBase de c\u00e1lculo do ICMS para SP: 48,89% \u2013 Al\u00edquota de ICMS: 18%<br \/>\nOutros Estados base de c\u00e1lculo do ICMS: 73,43% \u2013 Al\u00edquota de ICMS: 7%<\/p>\n","protected":false},"excerpt":{"rendered":"<p>Produto bivolt com chave seletora 127V\/220V. O Fatiador de Frios 178 MC foi elaborado especialmente para atender pequenos e me\u0301dios comerciantes de estabelecimentos como: <strong>Restaurantes, Rotisserias, Hote\u0301is, Lojas de Convenie\u0302ncia, Lanchonetes, entre outros.<\/strong><\/p>\n<p>O fatiador de frios 178 MC foi desenvolvido para utilizar pe\u00e7as inteiras, tamb\u00e9m possui garra de fixa\u00e7\u00e3o e inclinac\u0327a\u0303o do carro de 40\u00b0, detalhes que possibilitam menos desperdi\u0301cio e um corte preciso. Os Fatiadores de Frios da linha 178 Arbel, sa\u0303o pra\u0301ticos por serem fa\u0301ceis de manusear, ale\u0301m da facilidade na limpeza.<\/p>\n<p>Os Fatiadores de Frios da linha 178 Arbel, tambe\u0301m sa\u0303o de extrema utilidade para uso dome\u0301stico.<\/p>\n","protected":false},"featured_media":203,"comment_status":"open","ping_status":"closed","template":"","meta":{"_joinchat":[]},"product_cat":[49,37],"product_tag":[],"acf":[],"_links":{"self":[{"href":"https:\/\/arbelstore.com.br\/home\/wp-json\/wp\/v2\/product\/179"}],"collection":[{"href":"https:\/\/arbelstore.com.br\/home\/wp-json\/wp\/v2\/product"}],"about":[{"href":"https:\/\/arbelstore.com.br\/home\/wp-json\/wp\/v2\/types\/product"}],"replies":[{"embeddable":true,"href":"https:\/\/arbelstore.com.br\/home\/wp-json\/wp\/v2\/comments?post=179"}],"wp:featuredmedia":[{"embeddable":true,"href":"https:\/\/arbelstore.com.br\/home\/wp-json\/wp\/v2\/media\/203"}],"wp:attachment":[{"href":"https:\/\/arbelstore.com.br\/home\/wp-json\/wp\/v2\/media?parent=179"}],"wp:term":[{"taxonomy":"product_cat","embeddable":true,"href":"https:\/\/arbelstore.com.br\/home\/wp-json\/wp\/v2\/product_cat?post=179"},{"taxonomy":"product_tag","embeddable":true,"href":"https:\/\/arbelstore.com.br\/home\/wp-json\/wp\/v2\/product_tag?post=179"}],"curies":[{"name":"wp","href":"https:\/\/api.w.org\/{rel}","templated":true}]}}