{"id":574,"date":"2024-05-28T09:16:18","date_gmt":"2024-05-28T12:16:18","guid":{"rendered":"https:\/\/arbelstore.net\/home\/?post_type=product&#038;p=574"},"modified":"2025-12-02T11:55:05","modified_gmt":"2025-12-02T14:55:05","slug":"serra-fita-de-bancada-arbel-sfb-153","status":"publish","type":"product","link":"https:\/\/arbelstore.com.br\/home\/produto\/serra-fita-de-bancada-arbel-sfb-153\/","title":{"rendered":"Serra Fita de Bancada Arbel SFB 153"},"content":{"rendered":"<p><strong>C\u00f3digo do Produto: PA006200001<\/strong><\/p>\n<p>&nbsp;<\/p>\n<p>Tamanho da fita: 153 cm<\/p>\n<p>Pot\u00eancia: 530\/480 W<\/p>\n<p>Frequ\u00eancia: 60\u00a0 Hz<br \/>\nRota\u00e7\u00e3o do motor: 3500 RPM<br \/>\nTens\u00e3o: 127V \/ 220V<br \/>\nAltura m\u00e1xima de Corte: 190 mm.<br \/>\nLargura m\u00e1xima de Corte: 190 mm.<\/p>\n<p>\u00c1rea \u00fatil da Mesa: 360 mm X 335 mm.<\/p>\n<p>Peso: Bruto: 30 kg \/ L\u00edquido 25,5 kg<br \/>\nEmbalagem (caixa de madeira): Altura 84 cm \/Largura 34 cm \/Comprimento 50 cm<br \/>\nNCM: 84385000<br \/>\nC\u00f3digo de Barras: 7898284811176 Serra Fita Arbel Bivolt<\/p>\n<p>Substituic\u0327a\u0303o Tributaria: 0%<br \/>\nBase de c\u00e1lculo do ICMS para estados: MG\/PR\/RJ\/RS\/SC: 73,34% \u2013 Ali\u0301quota de ICMS: 12%<br \/>\nBase de c\u00e1lculo do ICMS para SP: 48,89% \u2013 Ali\u0301quota de ICMS: 18%<br \/>\nOutros Estados base de ca\u0301lculo do ICMS: 73,43% \u2013 Ali\u0301quota de ICMS : 7%<\/p>\n","protected":false},"excerpt":{"rendered":"<p>Atende voc\u00ea, que precisa serrar carnes, aves, peixes e ossos. Destinada \u00e0 utiliza\u00e7\u00e3o em cozinhas como: restaurantes, hot\u00e9is, boutique de carnes, hospitais, fazendas, resid\u00eancias etc.<\/p>\n<p>Sua composi\u00e7\u00e3o \u00e9 em A\u00e7o carbono, A\u00e7o inox e alum\u00ednio fundido. Acabamento em pintura eletrost\u00e1tica na cor cinza. Possui prote\u00e7\u00e3o da l\u00e2mina para maior seguran\u00e7a, pr\u00e1tico e f\u00e1cil de manusear.<\/p>\n","protected":false},"featured_media":575,"comment_status":"open","ping_status":"closed","template":"","meta":{"_joinchat":[]},"product_cat":[49],"product_tag":[],"acf":[],"_links":{"self":[{"href":"https:\/\/arbelstore.com.br\/home\/wp-json\/wp\/v2\/product\/574"}],"collection":[{"href":"https:\/\/arbelstore.com.br\/home\/wp-json\/wp\/v2\/product"}],"about":[{"href":"https:\/\/arbelstore.com.br\/home\/wp-json\/wp\/v2\/types\/product"}],"replies":[{"embeddable":true,"href":"https:\/\/arbelstore.com.br\/home\/wp-json\/wp\/v2\/comments?post=574"}],"wp:featuredmedia":[{"embeddable":true,"href":"https:\/\/arbelstore.com.br\/home\/wp-json\/wp\/v2\/media\/575"}],"wp:attachment":[{"href":"https:\/\/arbelstore.com.br\/home\/wp-json\/wp\/v2\/media?parent=574"}],"wp:term":[{"taxonomy":"product_cat","embeddable":true,"href":"https:\/\/arbelstore.com.br\/home\/wp-json\/wp\/v2\/product_cat?post=574"},{"taxonomy":"product_tag","embeddable":true,"href":"https:\/\/arbelstore.com.br\/home\/wp-json\/wp\/v2\/product_tag?post=574"}],"curies":[{"name":"wp","href":"https:\/\/api.w.org\/{rel}","templated":true}]}}